{"id":3,"date":"2023-06-25T20:04:06","date_gmt":"2023-06-25T20:04:06","guid":{"rendered":"https:\/\/powerlynx.hu\/?page_id=3"},"modified":"2025-08-28T08:56:41","modified_gmt":"2025-08-28T08:56:41","slug":"adatvedelmi-tajekoztato","status":"publish","type":"page","link":"https:\/\/powerlynx.hu\/en\/adatvedelmi-tajekoztato\/","title":{"rendered":"Privacy Policy"},"content":{"rendered":"<div data-elementor-type=\"wp-page\" data-elementor-id=\"3\" class=\"elementor elementor-3\" data-elementor-post-type=\"page\">\n\t\t\t\t\t\t<section class=\"elementor-section elementor-top-section elementor-element elementor-element-54d451b9 elementor-section-boxed elementor-section-height-default elementor-section-height-default\" data-id=\"54d451b9\" data-element_type=\"section\" data-e-type=\"section\">\n\t\t\t\t\t\t<div class=\"elementor-container elementor-column-gap-default\">\n\t\t\t\t\t<div class=\"elementor-column elementor-col-100 elementor-top-column elementor-element elementor-element-2aa903c1\" data-id=\"2aa903c1\" data-element_type=\"column\" data-e-type=\"column\">\n\t\t\t<div class=\"elementor-widget-wrap elementor-element-populated\">\n\t\t\t\t\t\t<div class=\"elementor-element elementor-element-1b576c86 elementor-widget elementor-widget-text-editor\" data-id=\"1b576c86\" data-element_type=\"widget\" data-e-type=\"widget\" data-widget_type=\"text-editor.default\">\n\t\t\t\t<div class=\"elementor-widget-container\">\n\t\t\t\t\t\t\t\t\t<p>ADATKEZEL\u00c9SI \u00c9S ADATV\u00c9DELMI T\u00c1J\u00c9KOZTAT\u00d3<\/p><p>1. BEVEZET\u00c9S<br \/>A\u00a0PowerLynx Kft.\u00a0(Ad\u00f3sz\u00e1m: 32323953-2-13, Sz\u00e9khely: 2146 Mogyor\u00f3d Erd\u0151sor utca 4. Magyarorsz\u00e1g) mint adatkezel\u0151, mag\u00e1ra n\u00e9zve k\u00f6telez\u0151nek ismeri el jelen jogi k\u00f6zlem\u00e9ny tartalm\u00e1t. A PowerLynx Kft. (a tov\u00e1bbiakban: Kft.) k\u00f6telezetts\u00e9get v\u00e1llal arra, hogy tev\u00e9kenys\u00e9g\u00e9vel kapcsolatos minden adatkezel\u00e9s megfelel a jelen szab\u00e1lyzatban \u00e9s a hat\u00e1lyos jogszab\u00e1lyokban meghat\u00e1rozott elv\u00e1r\u00e1soknak.<br \/>A jelen adatkezel\u00e9si t\u00e1j\u00e9koztat\u00f3 a https:\/\/powerlynx.hu weboldalon a l\u00e1togat\u00f3k \u00e1ltal \u00f6nk\u00e9ntes hozz\u00e1j\u00e1rul\u00e1ssal megadott adatok t\u00e1rol\u00e1s\u00e1ra \u00e9s kezel\u00e9s\u00e9re vonatkozik.<br \/>A Kft. adatkezel\u00e9seivel kapcsolatosan felmer\u00fcl\u0151 adatv\u00e9delmi ir\u00e1nyelvek folyamatosan el\u00e9rhet\u0151k a https:\/\/powerlynx.hu c\u00edmen.<br \/>A Kft. fenntartja mag\u00e1nak a jogot jelen t\u00e1j\u00e9koztat\u00f3 b\u00e1rmikori megv\u00e1ltoztat\u00e1s\u00e1ra. Term\u00e9szetesen az esetleges v\u00e1ltoz\u00e1sokr\u00f3l kell\u0151 id\u0151ben \u00e9rtes\u00edti k\u00f6z\u00f6ns\u00e9g\u00e9t.<br \/>A Kft. elk\u00f6telezett \u00fcgyfelei \u00e9s partnerei szem\u00e9lyes adatainak v\u00e9delm\u00e9ben, kiemelten fontosnak tartja \u00fcgyfelei inform\u00e1ci\u00f3s \u00f6nrendelkez\u00e9si jog\u00e1nak tiszteletben tart\u00e1s\u00e1t. A Kft. a szem\u00e9lyes adatokat bizalmasan kezeli, \u00e9s megtesz minden olyan biztons\u00e1gi, technikai \u00e9s szervez\u00e9si int\u00e9zked\u00e9st, mely az adatok biztons\u00e1g\u00e1t garant\u00e1lja.<br \/>A Kft. az al\u00e1bbiakban ismerteti adatkezel\u00e9si elveit, bemutatja azokat az elv\u00e1r\u00e1sokat, melyeket saj\u00e1t mag\u00e1val, mint adatkezel\u0151vel szemben megfogalmazott, \u00e9s betart. Adatkezel\u00e9si alapelvei \u00f6sszhangban vannak az adatv\u00e9delemmel kapcsolatos hat\u00e1lyos jogszab\u00e1lyokkal, \u00edgy k\u00fcl\u00f6n\u00f6sen az al\u00e1bbiakkal:<\/p><ul><li>2011. \u00e9vi CXII. t\u00f6rv\u00e9ny \u2013 az inform\u00e1ci\u00f3s \u00f6nrendelkez\u00e9si jogr\u00f3l \u00e9s az inform\u00e1ci\u00f3szabads\u00e1gr\u00f3l (Infotv.);<\/li><li>2013. \u00e9vi V. t\u00f6rv\u00e9ny \u2013 a Polg\u00e1ri T\u00f6rv\u00e9nyk\u00f6nyvr\u0151l (Ptk.);<\/li><li>1998. \u00e9vi XIX. t\u00f6rv\u00e9ny \u2013 a b\u00fcntet\u0151elj\u00e1r\u00e1sr\u00f3l (Be.);<\/li><li>2001. \u00e9vi CVIII. t\u00f6rv\u00e9ny \u2013 az elektronikus kereskedelmi szolg\u00e1ltat\u00e1sok, valamint az inform\u00e1ci\u00f3s t\u00e1rsadalommal \u00f6sszef\u00fcgg\u0151\u00a0szolg\u00e1ltat\u00e1sok egyes k\u00e9rd\u00e9seir\u0151l (Eker. tv.);<\/li><li>2003. \u00e9vi C. t\u00f6rv\u00e9ny \u2013 az elektronikus h\u00edrk\u00f6zl\u00e9sr\u0151l (Eht.);<\/li><li>2008. \u00e9vi XLVIII. t\u00f6rv\u00e9ny \u2013 a gazdas\u00e1gi rekl\u00e1mtev\u00e9kenys\u00e9g alapvet\u0151 felt\u00e9teleir\u0151l \u00e9s egyeskorl\u00e1tair\u00f3l (Grt.),<\/li><\/ul><div>\u00a0<\/div><p>2. \u00c9RTELMEZ\u0150 FOGALMAK<br \/>2.1. \u00e9rintett: b\u00e1rmely meghat\u00e1rozott, szem\u00e9lyes adat alapj\u00e1n azonos\u00edtott vagy \u2013 k\u00f6zvetlen\u00fcl vagy k\u00f6zvetve \u2013 azonos\u00edthat\u00f3 term\u00e9szetes szem\u00e9ly;<br \/>2.2. szem\u00e9lyes adat: az \u00e9rintettel kapcsolatba hozhat\u00f3 adat \u2013 k\u00fcl\u00f6n\u00f6sen az \u00e9rintett neve,<br \/>azonos\u00edt\u00f3 jele, valamint egy vagy t\u00f6bb fizikai, fiziol\u00f3giai, ment\u00e1lis, gazdas\u00e1gi, kultur\u00e1lis vagy szoci\u00e1lis azonoss\u00e1g\u00e1ra jellemz\u0151 ismeret -, valamint az abb\u00f3l levonhat\u00f3, az \u00e9rintettre vonatkoz\u00f3 k\u00f6vetkeztet\u00e9s;<br \/>2.3. hozz\u00e1j\u00e1rul\u00e1s: az \u00e9rintett k\u00edv\u00e1ns\u00e1g\u00e1nak \u00f6nk\u00e9ntes \u00e9s hat\u00e1rozott kinyilv\u00e1n\u00edt\u00e1sa, amely<br \/>megfelel\u0151 t\u00e1j\u00e9koztat\u00e1son alapul, \u00e9s amellyel f\u00e9lre\u00e9rthetetlen beleegyez\u00e9s\u00e9t adja a r\u00e1 vonatkoz\u00f3 szem\u00e9lyes adat \u2013 teljes k\u00f6r\u0171 vagy egyes m\u0171veletekre kiterjed\u0151 \u2013 kezel\u00e9s\u00e9hez;<\/p><p>2.4. adatkezel\u0151: az a term\u00e9szetes vagy jogi szem\u00e9ly, illetve jogi szem\u00e9lyis\u00e9ggel nem rendelkez\u0151 szervezet, aki vagy amely \u00f6n\u00e1ll\u00f3an vagy m\u00e1sokkal egy\u00fctt az adat kezel\u00e9s\u00e9nek c\u00e9lj\u00e1t meghat\u00e1rozza, az adatkezel\u00e9sre (bele\u00e9rtve a felhaszn\u00e1lt eszk\u00f6zt) vonatkoz\u00f3 d\u00f6nt\u00e9seket meghozza \u00e9s v\u00e9grehajtja, vagy az adatfeldolgoz\u00f3val v\u00e9grehajtatja;<br \/>2.5. adatkezel\u00e9s: az alkalmazott elj\u00e1r\u00e1st\u00f3l f\u00fcggetlen\u00fcl az adaton v\u00e9gzett b\u00e1rmely m\u0171velet vagy a m\u0171veletek \u00f6sszess\u00e9ge, \u00edgy k\u00fcl\u00f6n\u00f6sen gy\u0171jt\u00e9se, felv\u00e9tele, r\u00f6gz\u00edt\u00e9se, rendszerez\u00e9se, t\u00e1rol\u00e1sa, megv\u00e1ltoztat\u00e1sa, felhaszn\u00e1l\u00e1sa, lek\u00e9rdez\u00e9se, tov\u00e1bb\u00edt\u00e1sa, nyilv\u00e1noss\u00e1gra hozatala, \u00f6sszehangol\u00e1sa vagy \u00f6sszekapcsol\u00e1sa, z\u00e1rol\u00e1sa, t\u00f6rl\u00e9se \u00e9s megsemmis\u00edt\u00e9se, valamint az adat tov\u00e1bbi felhaszn\u00e1l\u00e1s\u00e1nak megakad\u00e1lyoz\u00e1sa;<br \/>2.6. adattov\u00e1bb\u00edt\u00e1s: az adat meghat\u00e1rozott harmadik szem\u00e9ly sz\u00e1m\u00e1ra t\u00f6rt\u00e9n\u0151 hozz\u00e1f\u00e9rhet\u0151v\u00e9 t\u00e9tele;<br \/>2.7. nyilv\u00e1noss\u00e1gra hozatal: az adat b\u00e1rki sz\u00e1m\u00e1ra t\u00f6rt\u00e9n\u0151 hozz\u00e1f\u00e9rhet\u0151v\u00e9 t\u00e9tele;<br \/>2.8. adatt\u00f6rl\u00e9s: az adat felismerhetetlenn\u00e9 t\u00e9tele oly m\u00f3don, hogy a helyre\u00e1ll\u00edt\u00e1sa t\u00f6bb\u00e9 nem lehets\u00e9ges;<br \/>2.9. adatfeldolgoz\u00e1s: az adatkezel\u00e9si m\u0171veletekhez kapcsol\u00f3d\u00f3 technikai feladatok elv\u00e9gz\u00e9se, f\u00fcggetlen\u00fcl a m\u0171veletek v\u00e9grehajt\u00e1s\u00e1hoz alkalmazott m\u00f3dszert\u0151l \u00e9s eszk\u00f6zt\u0151l, valamint az alkalmaz\u00e1s hely\u00e9t\u0151l, felt\u00e9ve hogy a technikai feladatot az adaton v\u00e9gzik;<br \/>2.10. adatfeldolgoz\u00f3: az a term\u00e9szetes vagy jogi szem\u00e9ly, illetve jogi szem\u00e9lyis\u00e9ggel nem<br \/>rendelkez\u0151 szervezet, aki vagy amely szerz\u0151d\u00e9s alapj\u00e1n \u2013 bele\u00e9rtve a jogszab\u00e1ly rendelkez\u00e9se alapj\u00e1n k\u00f6t\u00f6tt szerz\u0151d\u00e9st is \u2013 adatok feldolgoz\u00e1s\u00e1t v\u00e9gzi;<br \/>2.11. adatv\u00e9delmi incidens: szem\u00e9lyes adat jogellenes kezel\u00e9se vagy feldolgoz\u00e1sa, \u00edgy<br \/>k\u00fcl\u00f6n\u00f6sen a jogosulatlan hozz\u00e1f\u00e9r\u00e9s, megv\u00e1ltoztat\u00e1s, tov\u00e1bb\u00edt\u00e1s, nyilv\u00e1noss\u00e1gra hozatal, t\u00f6rl\u00e9s vagy megsemmis\u00edt\u00e9s, valamint a v\u00e9letlen megsemmis\u00fcl\u00e9s \u00e9s s\u00e9r\u00fcl\u00e9s.<br \/>3. A SZEM\u00c9LYES ADATOK K\u00d6RE, AZ ADATKEZEL\u00c9S C\u00c9LJA, JOGC\u00cdME \u00c9S ID\u0150TARTAMA<br \/>A Kft. tev\u00e9kenys\u00e9g\u00e9nek adatkezel\u00e9sei \u00f6nk\u00e9ntes hozz\u00e1j\u00e1rul\u00e1son alapulnak. Bizonyos esetekben azonban a megadott adatok egy k\u00f6r\u00e9nek kezel\u00e9s\u00e9t, t\u00e1rol\u00e1s\u00e1t, tov\u00e1bb\u00edt\u00e1s\u00e1t jogszab\u00e1lyok teszik k\u00f6telez\u0151v\u00e9, melyr\u0151l k\u00fcl\u00f6n \u00e9rtes\u00edtj\u00fck k\u00f6z\u00f6ns\u00e9g\u00fcnket.<br \/>Felh\u00edvjuk a Kft. r\u00e9sz\u00e9re adatk\u00f6zl\u0151k figyelm\u00e9t, hogy amennyiben nem saj\u00e1t szem\u00e9lyes adataikat adj\u00e1k meg, az adatk\u00f6zl\u0151 k\u00f6teless\u00e9ge az \u00e9rintett hozz\u00e1j\u00e1rul\u00e1s\u00e1nak beszerz\u00e9se<\/p><p>3.1. V\u00c1S\u00c1RL\u00d3I ADATOK<br \/>Az adatkezel\u00e9s c\u00e9lja: https:\/\/powerlynx.hu weboldalon t\u00f6rt\u00e9n\u0151 regisztr\u00e1ci\u00f3 \u00e1raj\u00e1nlatk\u00e9r\u00e9sre, n\u00e9v, c\u00edm, telefonsz\u00e1m, e-mail c\u00edm alapj\u00e1n, a regisztr\u00e1l\u00f3 foglalkoz\u00e1sa, a regisztr\u00e1l\u00f3k egym\u00e1st\u00f3l val\u00f3 megk\u00fcl\u00f6nb\u00f6ztet\u00e9se, a weboldal l\u00e1togat\u00f3k szok\u00e1sok elemz\u00e9se.<br \/>Az adatkezel\u00e9s jogalapja: az \u00e9rintett \u00f6nk\u00e9ntes hozz\u00e1j\u00e1rul\u00e1sa.<br \/>A kezelt adatok k\u00f6re:\u00a0azonos\u00edt\u00f3sz\u00e1m, d\u00e1tum, id\u0151pont, n\u00e9v\/c\u00e9gn\u00e9v, c\u00edm, telefonsz\u00e1m, e-mail c\u00edm.<br \/>Az adatkezel\u00e9s id\u0151tartama:\u00a0az \u00e9rintett(ek) k\u00e9r\u00e9s\u00e9re t\u00f6rt\u00e9n\u0151 t\u00f6rl\u00e9sig.<br \/>Az \u00e9rintettek k\u00f6re:\u00a0a kit\u00f6lt\u00f6tt kapcsolat \u0171rlapot bek\u00fcld\u0151k.<\/p><p>3.2. H\u00cdRLEV\u00c9LLEL, MARKETING C\u00c9L\u00da MEGKERES\u00c9SSEL KAPCSOLATOS ADATKEZEL\u00c9S<\/p><p>Az \u00fcgyfelek ig\u00e9nyeinek min\u00e9l teljesebb k\u00f6r\u0171 kiszolg\u00e1l\u00e1sa \u00e9rdek\u00e9ben az Adatkezel\u0151 az \u00e9rintett el\u0151zetes egy\u00e9rtelm\u0171 \u00e9s kifejezett hozz\u00e1j\u00e1rul\u00e1sa alapj\u00e1n k\u00f6zvetlen aj\u00e1nlatad\u00e1si, illetve inform\u00e1lis c\u00e9llal e-maileket, valamint h\u00edrleveleket k\u00fcld az \u00e9rintettnek. Az Adatkezel\u0151 biztos\u00edtja, hogy a marketing c\u00e9l\u00fa e-mailekr\u0151l az \u00e9rintett b\u00e1rmikor ingyenesen leiratkozzon, a h\u00edrlev\u00e9lben tal\u00e1lhat\u00f3 \u201eLeiratkoz\u00e1s\u201d linken kereszt\u00fcl.\u00a0<\/p><p>Az adatkezel\u00e9s c\u00e9lja: a\u00a0h\u00edrlev\u00e9lre feliratkoz\u00f3k hat\u00e9kony inform\u00e1l\u00e1sa, r\u00e9sz\u00fckre t\u00f6rt\u00e9n\u0151 ismeretterjeszt\u00e9s.<\/p><p>Kezelt adatok k\u00f6re: A h\u00edrlev\u00e9lre feliratkoz\u00f3 neve\/c\u00e9g neve, e-mail c\u00edme.<\/p><p>\u00c9rintettek k\u00f6re: a\u00a0h\u00edrlev\u00e9lre feliratkoz\u00f3 szem\u00e9lyek.<\/p><p>Adatt\u00e1rol\u00e1s hat\u00e1rideje: a\u00a0hozz\u00e1j\u00e1rul\u00e1s visszavon\u00e1s\u00e1ig.<\/p><p>\u00a0<\/p><p>3.3 DIREKT MARKETINGGEL KAPCSOLATOS ADATKEZEL\u00c9S<\/p><p>Az Adatkezel\u0151 a Meta sz\u00e1m\u00e1ra \u00e1tadja a direkt marketing tev\u00e9kenys\u00e9ghez hozz\u00e1j\u00e1rul\u00f3 szem\u00e9lyek e-mail c\u00edmeit, \u00edgy e tekintetben a Meta az Adatkezel\u0151 adatfeldolgoz\u00f3j\u00e1nak min\u0151s\u00fcl. Az e-mail c\u00edmek \u00e1tad\u00e1s\u00e1nak c\u00e9lja a c\u00e9lzott hirdet\u00e9sek k\u00fcld\u00e9se a Meta \u00e1ltal.<\/p><p>A hirdet\u00e9sek Meta platformokon t\u00f6rt\u00e9n\u0151 enged\u00e9lyez\u00e9s\u00e9vel kapcsolatos be\u00e1ll\u00edt\u00e1sait itt tudja m\u00f3dos\u00edtani:<\/p><p><a href=\"https:\/\/www.facebook.com\/ads\/preferences\/?entry_product=ad_settings_screen\" target=\"_blank\" rel=\"noopener\">https:\/\/www.facebook.com\/ads\/preferences\/?entry_product=ad_settings_screen<\/a><\/p><p>Adatkezel\u00e9s c\u00e9lja: az \u00e9rintettek hat\u00e9kony inform\u00e1l\u00e1sa, r\u00e9sz\u00fckre t\u00f6rt\u00e9n\u0151 ismeretterjeszt\u00e9s.<\/p><p>Kezelt adatok k\u00f6re: N\u00e9v\/C\u00e9gn\u00e9v, e-mail c\u00edm<\/p><p>\u00c9rintettek k\u00f6re: direkt marketing tev\u00e9kenys\u00e9ghez hozz\u00e1j\u00e1rul\u00f3 szem\u00e9lyek.<\/p><p>Adatt\u00e1rol\u00e1s hat\u00e1rideje: a\u00a0hozz\u00e1j\u00e1rul\u00e1s visszavon\u00e1s\u00e1ig.<\/p><p>\u00a0<\/p><p>3.4. SZ\u00c1MVITELI BIZONYLATOKKAL KAPCSOLATOS ADATKEZEL\u00c9S<\/p><p>Adatkezel\u00e9s c\u00e9lja: a\u00a0sz\u00e1ml\u00e1k ki\u00e1ll\u00edt\u00e1sa \u00e9s t\u00e1rol\u00e1sa, k\u00f6nyvel\u00e9se.<\/p><p>Kezelt adatok k\u00f6re: a\u00a0sz\u00e1mvitelr\u0151l sz\u00f3l\u00f3 2000. \u00e9vi C. t\u00f6rv\u00e9ny 167. \u00a7-\u00e1ban, valamint az \u00e1ltal\u00e1nos forgalmi ad\u00f3r\u00f3l sz\u00f3l\u00f3 2007. \u00e9vi CXXVII. t\u00f6rv\u00e9nyben meghat\u00e1rozott adatok, \u00edgy k\u00fcl\u00f6n\u00f6sen az \u00e9rintett neve, gazdas\u00e1gi m\u0171velet teljes\u00edt\u00e9s\u00e9nek id\u0151pontja, id\u0151szaka, valamint c\u00edme, e-mail c\u00edme, telefonsz\u00e1ma.<\/p><p>\u00c9rintettek k\u00f6re: adatkezel\u0151 szolg\u00e1ltat\u00e1s\u00e1t ig\u00e9nybe vev\u0151 szem\u00e9lyek.<\/p><p>Adatt\u00e1rol\u00e1s hat\u00e1rideje: a\u00a0sz\u00e1mviteli bizonylatokat a sz\u00e1mvitelr\u0151l sz\u00f3l\u00f3 2000. \u00e9vi C. t\u00f6rv\u00e9ny 169. \u00a7 (2) bekezd\u00e9se \u00e9rtelm\u00e9ben legal\u00e1bb 8 \u00e9vig k\u00f6teles az Adatkezel\u0151 meg\u0151rizni. Az Adatkezel\u0151 8+1 \u00e9v eltelt\u00e9vel automatikusan t\u00f6rli az \u00e9rintett szem\u00e9lyes adatait.<\/p><p>3.5. KURZUSON R\u00c9SZTVEV\u0150K, REGISZTR\u00c1LTAK ADATKEZEL\u00c9SE<\/p><p style=\"font-weight: 400;\">Az oldalon tal\u00e1lhat\u00f3 ingyenes kurzusok el\u00e9r\u00e9s\u00e9hez regisztr\u00e1ci\u00f3 sz\u00fcks\u00e9ges.<\/p><p>Adatkezel\u00e9s c\u00e9lja: az \u00e9rintettek r\u00e9sz\u00e9re a kurzus\/oktat\u00e1s megtart\u00e1sa, a r\u00e9sztvev\u0151k hat\u00e9kony inform\u00e1l\u00e1sa, r\u00e9sz\u00fckre t\u00f6rt\u00e9n\u0151 ismeretterjeszt\u00e9s.<\/p><p>Kezelt adatok k\u00f6re: N\u00e9v\/C\u00e9gn\u00e9v, e-mail c\u00edm<\/p><p>\u00c9rintettek k\u00f6re: a powerlynx.hu oldalon regisztr\u00e1l\u00f3k.<\/p><p>Adatt\u00e1rol\u00e1s hat\u00e1rideje: a\u00a0hozz\u00e1j\u00e1rul\u00e1s visszavon\u00e1s\u00e1ig.<\/p><p>3.6. MIN\u0150S\u00c9GI KIFOG\u00c1SOK KEZEL\u00c9SE<br \/>Az adatkezel\u00e9s c\u00e9lja: a Kft. \u00e1ltal ny\u00fajtott szolg\u00e1ltat\u00e1sokkal kapcsolatosan felmer\u00fcl\u0151 min\u0151s\u00e9gi kifog\u00e1sok kezel\u00e9se.<br \/>Az adatkezel\u00e9s jogalapja: az \u00e9rintett \u00f6nk\u00e9ntes hozz\u00e1j\u00e1rul\u00e1sa, \u00e9s az Fgytv. 17\/A. \u00a7 (7) bekezd\u00e9se.<\/p><p>A kezelt adatok k\u00f6re: azonos\u00edt\u00f3sz\u00e1m, a \u00e9rdekl\u0151d\u0151 neve, c\u00edme, e-mail c\u00edme, foglalkoz\u00e1sa.<br \/>Az adatkezel\u00e9s id\u0151tartama:<br \/>A jelen t\u00e1j\u00e9koztat\u00f3 3.1. pontja szerint, a panaszr\u00f3l felvett jegyz\u0151k\u00f6nyvek \u00e9s az \u00edr\u00e1sbeli panaszokra adott v\u00e1laszok m\u00e1solati p\u00e9ld\u00e1nyai tekintet\u00e9ben az Fgytv. 17\/A. \u00a7 (7) bekezd\u00e9se alapj\u00e1n \u00f6t \u00e9v a v\u00e1s\u00e1rl\u00f3k k\u00f6nyv\u00e9be tett bejegyz\u00e9sek m\u00e1sodp\u00e9ld\u00e1nyai tekintet\u00e9ben k\u00e9t \u00e9v.<\/p><p><br \/>3.7. A SZERVER NAPL\u00d3Z\u00c1SA<br \/>A https:\/\/powerlynx.hu weblap megl\u00e1togat\u00e1sakor a webszerver automatikusan napl\u00f3zza a<br \/>felhaszn\u00e1l\u00f3 tev\u00e9kenys\u00e9g\u00e9t. Az adatkezel\u00e9s c\u00e9lja: a honlap l\u00e1togat\u00e1sa sor\u00e1n a szolg\u00e1ltat\u00f3 a szolg\u00e1ltat\u00e1sok m\u0171k\u00f6d\u00e9s\u00e9nek ellen\u0151rz\u00e9se, a szem\u00e9lyre szabott kiszolg\u00e1l\u00e1s \u00e9s a vissza\u00e9l\u00e9sek megakad\u00e1lyoz\u00e1sa \u00e9rdek\u00e9ben r\u00f6gz\u00edti a l\u00e1togat\u00f3i adatokat.<br \/>Az adatkezel\u00e9s jogalapja: az \u00e9rintett hozz\u00e1j\u00e1rul\u00e1sa, illetve az Eker. tv. 13\/A. \u00a7 (3) bekezd\u00e9se.<br \/>A kezelt adatok k\u00f6re: azonos\u00edt\u00f3sz\u00e1m, d\u00e1tum, id\u0151pont, a megl\u00e1togatott oldal c\u00edme.<br \/>Az adatkezel\u00e9s id\u0151tartama: harminc nap.<br \/>A Kft. a napl\u00f3\u00e1llom\u00e1nyok elemz\u00e9se sor\u00e1n felmer\u00fclt adatokat m\u00e1s inform\u00e1ci\u00f3val nem kapcsolja \u00f6ssze, a felhaszn\u00e1l\u00f3 szem\u00e9ly\u00e9nek azonos\u00edt\u00e1s\u00e1ra nem t\u00f6rekszik. A megl\u00e1togatott oldalak c\u00edme, valamint a d\u00e1tum, id\u0151pont adatok \u00f6nmagukban az \u00e9rintett azonos\u00edt\u00e1s\u00e1ra nem alkalmasak, azonban egy\u00e9b (pl. regisztr\u00e1ci\u00f3 sor\u00e1n megadott) adatokkal \u00f6sszekapcsolva alkalmasak arra, hogy seg\u00edts\u00e9g\u00fckkel a felhaszn\u00e1l\u00f3ra vonatkoz\u00f3 k\u00f6vetkeztet\u00e9seket lehessen levonni. A https:\/\/powerlynx.hu weboldal l\u00e1togatotts\u00e1gi \u00e9s egy\u00e9b webanalitikai adatainak f\u00fcggetlen m\u00e9r\u00e9s\u00e9t \u00e9s audit\u00e1l\u00e1s\u00e1t k\u00fcls\u0151 szolg\u00e1ltat\u00f3k\u00e9nt a Google Analytics szervere seg\u00edti. A m\u00e9r\u00e9si adatok kezel\u00e9s\u00e9r\u0151l az adatkezel\u0151 a https:\/\/www.google.com\/intl\/hu\/policies\/ c\u00edmen ad r\u00e9szletes<br \/>felvil\u00e1gos\u00edt\u00e1st.<\/p><p><br \/>3.8. SAJ\u00c1T COOKIE KEZEL\u00c9SE A HONLAPON<br \/>A szolg\u00e1ltat\u00f3 a testre szabott kiszolg\u00e1l\u00e1s \u00e9rdek\u00e9ben a felhaszn\u00e1l\u00f3 sz\u00e1m\u00edt\u00f3g\u00e9p\u00e9n kis<br \/>adatcsomagot, \u00fan. s\u00fctit (cookie) helyez el \u00e9s a k\u00e9s\u0151bbi l\u00e1togat\u00e1s sor\u00e1n olvas vissza. Ha a<br \/>b\u00f6ng\u00e9sz\u0151 visszak\u00fcld egy kor\u00e1bban elmentett s\u00fctit, a s\u00fctit kezel\u0151 szolg\u00e1ltat\u00f3nak lehet\u0151s\u00e9ge van \u00f6sszekapcsolni a felhaszn\u00e1l\u00f3 aktu\u00e1lis l\u00e1togat\u00e1s\u00e1t a kor\u00e1bbiakkal, de kiz\u00e1r\u00f3lag a saj\u00e1t tartalma tekintet\u00e9ben. Az adatkezel\u00e9s c\u00e9lja: a felhaszn\u00e1l\u00f3k azonos\u00edt\u00e1sa, egym\u00e1st\u00f3l val\u00f3 megk\u00fcl\u00f6nb\u00f6ztet\u00e9se, a felhaszn\u00e1l\u00f3k aktu\u00e1lis munkamenet\u00e9nek azonos\u00edt\u00e1sa, az annak sor\u00e1n megadott adatok t\u00e1rol\u00e1sa, az adatveszt\u00e9s megakad\u00e1lyoz\u00e1sa, a felhaszn\u00e1l\u00f3k azonos\u00edt\u00e1sa, nyomon k\u00f6vet\u00e9se, a honlapl\u00e1togat\u00e1s sor\u00e1n r\u00f6gz\u00edtett adatok felhaszn\u00e1l\u00e1s\u00e1val szem\u00e9lyre szabott aj\u00e1nlatok<br \/>megjelen\u00edt\u00e9se.<br \/>Az adatkezel\u00e9s jogalapja:\u00a0az \u00e9rintett hozz\u00e1j\u00e1rul\u00e1sa. A kezelt adatok k\u00f6re: azonos\u00edt\u00f3sz\u00e1m, d\u00e1tum, id\u0151pont, valamint az el\u0151z\u0151leg megl\u00e1togatott oldal. A munkamenet lez\u00e1rult\u00e1ig \u00e9rv\u00e9nyes s\u00fcti csak a b\u00f6ng\u00e9sz\u0151 bez\u00e1r\u00e1s\u00e1ig marad a sz\u00e1m\u00edt\u00f3g\u00e9pen. A pontos \u00e9rv\u00e9nyess\u00e9gi id\u0151vel rendelkez\u0151 (\u00e1lland\u00f3) s\u00fctik t\u00f6rl\u00e9s\u00fckig, de legk\u00e9s\u0151bb \u00e9rv\u00e9nyess\u00e9gi idej\u00fck lej\u00e1rat\u00e1ig t\u00e1rol\u00f3dnak a sz\u00e1m\u00edt\u00f3g\u00e9pen. A s\u00fctit a felhaszn\u00e1l\u00f3 k\u00e9pes t\u00f6r\u00f6lni saj\u00e1t sz\u00e1m\u00edt\u00f3g\u00e9p\u00e9r\u0151l, illetve letilthatja b\u00f6ng\u00e9sz\u0151j\u00e9ben a s\u00fctik alkalmaz\u00e1s\u00e1t. A s\u00fctik kezel\u00e9s\u00e9re \u00e1ltal\u00e1ban a b\u00f6ng\u00e9sz\u0151k Eszk\u00f6z\u00f6k\/Be\u00e1ll\u00edt\u00e1sok men\u00fcj\u00e9ben az Adatv\u00e9delem\/El\u0151zm\u00e9nyek\/Egy\u00e9ni be\u00e1ll\u00edt\u00e1sok men\u00fc alatt, cookie, s\u00fcti vagy nyomk\u00f6vet\u00e9s<br \/>megnevez\u00e9ssel van lehet\u0151s\u00e9g.<\/p><p>Egyes szolg\u00e1ltat\u00f3 partnerek remarketing, harmadik f\u00e9l \u00e1ltal \u00fczemeltetett oldalon szem\u00e9lyre szabott rekl\u00e1mok megjelen\u00edt\u00e9se, a felhaszn\u00e1l\u00f3k azonos\u00edt\u00e1sa, nyomon k\u00f6vet\u00e9se c\u00e9lj\u00e1b\u00f3l a felhaszn\u00e1l\u00f3 sz\u00e1m\u00edt\u00f3g\u00e9p\u00e9n kis adatcsomagot, \u00fan. s\u00fctit (cookie) helyeznek el \u00e9s a k\u00e9s\u0151bbi internethaszn\u00e1lat sor\u00e1n olvasnak vissza. Ha a b\u00f6ng\u00e9sz\u0151 visszak\u00fcld egy kor\u00e1bban elmentett s\u00fctit, a s\u00fctit kezel\u0151 szolg\u00e1ltat\u00f3nak lehet\u0151s\u00e9ge van \u00f6sszekapcsolni a felhaszn\u00e1l\u00f3 aktu\u00e1lis l\u00e1togat\u00e1s\u00e1t a kor\u00e1bbiakkal, azon weboldalak tekintet\u00e9ben, amelyekn\u00e9l a k\u00fcls\u0151 szolg\u00e1ltat\u00f3 cookie-j\u00e1t haszn\u00e1lj\u00e1k.<br \/>Az https:\/\/powerlynx.hu honlap felkeres\u00e9sekor webanalitikai rendszere \u00fczemeltet\u00e9se \u00e9rdek\u00e9ben a Google Analytics kezel cookie-t. A www.google.com\/analytics \u00e1ltali adatkezel\u00e9sr\u0151l a https:\/\/www.google.com\/intl\/hu\/policies\/, c\u00edmen k\u00e9rhet\u0151 b\u0151vebb t\u00e1j\u00e9koztat\u00e1s. A\u00a0\u201cHogyan haszn\u00e1lja fel a Google az adatokat, amikor \u00d6n egy partner\u00fcnk oldal\u00e1t vagy alkalmaz\u00e1s\u00e1t haszn\u00e1lja\u201d\u00a0c\u00edm\u0171 dokumentum az al\u00e1bbi hivatkoz\u00e1son \u00e9rhet\u0151 el: https:\/\/www.google.com\/intl\/hu\/policies\/privacy\/partners\/ A s\u00fctit a felhaszn\u00e1l\u00f3 k\u00e9pes t\u00f6r\u00f6lni saj\u00e1t sz\u00e1m\u00edt\u00f3g\u00e9p\u00e9r\u0151l, illetve letilthatja b\u00f6ng\u00e9sz\u0151j\u00e9ben a s\u00fctik alkalmaz\u00e1s\u00e1t. A s\u00fctik kezel\u00e9s\u00e9re \u00e1ltal\u00e1ban a b\u00f6ng\u00e9sz\u0151k Eszk\u00f6z\u00f6k\/Be\u00e1ll\u00edt\u00e1sok men\u00fcj\u00e9ben az Adatv\u00e9delem\/El\u0151zm\u00e9nyek\/Egy\u00e9ni be\u00e1ll\u00edt\u00e1sok men\u00fc alatt, cookie, s\u00fcti vagy nyomk\u00f6vet\u00e9s<br \/>megnevez\u00e9ssel van lehet\u0151s\u00e9g.<br \/>Amennyiben a felhaszn\u00e1l\u00f3 nem k\u00edv\u00e1n remarketing hirdet\u00e9seket l\u00e1tni, lehet\u0151s\u00e9ge van letiltani a Google cookie-haszn\u00e1lat\u00e1t a Google Hirdet\u00e9si be\u00e1ll\u00edt\u00e1saiban is.<br \/>3.9. \u00dcGYF\u00c9LLEVELEZ\u00c9S<br \/>Amennyiben szolg\u00e1ltat\u00e1saink ig\u00e9nybev\u00e9tele sor\u00e1n k\u00e9rd\u00e9se, probl\u00e9m\u00e1ja van, a honlapon<br \/>megadott m\u00f3don kapcsolatba l\u00e9phet a Szolg\u00e1ltat\u00f3val.<br \/>Szolg\u00e1ltat\u00f3 a be\u00e9rkezett leveleket, a k\u00fcld\u0151 nev\u00e9vel \u00e9s e-mail c\u00edm\u00e9vel, valamint m\u00e1s, \u00f6nk\u00e9nt megadott szem\u00e9lyes adat\u00e1val egy\u00fctt, az \u00fcgy elint\u00e9z\u00e9s\u00e9t\u0151l sz\u00e1m\u00edtott legfeljebb egy \u00e9v eltelt\u00e9vel t\u00f6rli.<\/p><p><br \/>3.10. ADATBIZTONS\u00c1G<br \/>Az adatkezel\u0151 k\u00f6teles az adatkezel\u00e9si m\u0171veleteket \u00fagy megtervezni \u00e9s v\u00e9grehajtani, hogy<br \/>biztos\u00edtsa az \u00e9rintettek mag\u00e1nszf\u00e9r\u00e1j\u00e1nak v\u00e9delm\u00e9t.\u00a0<\/p><p>Az adatkezel\u0151, illetve tev\u00e9kenys\u00e9gi k\u00f6r\u00e9ben az adatfeldolgoz\u00f3 k\u00f6teles gondoskodni az adatok biztons\u00e1g\u00e1r\u00f3l, k\u00f6teles tov\u00e1bb\u00e1 megtenni azokat a technikai \u00e9s szervez\u00e9si int\u00e9zked\u00e9seket \u00e9s kialak\u00edtani azokat az elj\u00e1r\u00e1si szab\u00e1lyokat, amelyek az Info tv. valamint az egy\u00e9b adat- \u00e9s titokv\u00e9delmi szab\u00e1lyok \u00e9rv\u00e9nyre juttat\u00e1s\u00e1hoz sz\u00fcks\u00e9gesek.<br \/>Az adatokat megfelel\u0151 int\u00e9zked\u00e9sekkel v\u00e9deni kell k\u00fcl\u00f6n\u00f6sen a jogosulatlan hozz\u00e1f\u00e9r\u00e9s,<br \/>megv\u00e1ltoztat\u00e1s, tov\u00e1bb\u00edt\u00e1s, nyilv\u00e1noss\u00e1gra hozatal, t\u00f6rl\u00e9s vagy megsemmis\u00edt\u00e9s, valamint a v\u00e9letlen megsemmis\u00fcl\u00e9s \u00e9s s\u00e9r\u00fcl\u00e9s, tov\u00e1bb\u00e1 az alkalmazott technika megv\u00e1ltoz\u00e1s\u00e1b\u00f3l fakad\u00f3 hozz\u00e1f\u00e9rhetetlenn\u00e9 v\u00e1l\u00e1s ellen.<\/p><p><br \/>3.11. AZ ADATKEZEL\u0150 ADATAI, EL\u00c9RHET\u0150S\u00c9GE<br \/>N\u00e9v:\u00a0PowerLynx Kft.<br \/>Sz\u00e9khely: 2146 Mogyr\u00f3d Erd\u0151sor utca 4. Magyarorsz\u00e1g<br \/>Ad\u00f3sz\u00e1m: 32323953-2-13<br \/>E-mail: info@powerlynx.hu<\/p><p><br \/>3.12. ADATFELDOLGOZ\u00d3 ADATAI, EL\u00c9RHET\u0150S\u00c9GE<br \/>Az adatfeldolgoz\u00f3 megnevez\u00e9se: Tornyi D\u00e1niel<br \/>Az adatfeldolgoz\u00f3 el\u00e9rhet\u0151s\u00e9ge: 2146 Mogyr\u00f3d Erd\u0151sor utca 4<br \/>Telefon: 00 36 30 568 71 92<br \/>E-mail: daniel.tornyi@powerlynx.hu<\/p><p>Web: plusztarhely.hu<br \/>Az adatfeldolgoz\u00f3 \u00e1ltal ell\u00e1tott tev\u00e9kenys\u00e9g: technikai t\u00e1j\u00e9koztat\u00e1s, \u00e9rt\u00e9kes\u00edt\u00e9s.<\/p><p>4. JOGORVOSLATI LEHET\u0150S\u00c9GEK<br \/>Az \u00e9rintett t\u00e1j\u00e9koztat\u00e1st k\u00e9rhet szem\u00e9lyes adatai kezel\u00e9s\u00e9r\u0151l, valamint k\u00e9rheti szem\u00e9lyes<br \/>adatainak helyesb\u00edt\u00e9s\u00e9t, illetve \u2013 a k\u00f6telez\u0151 adatkezel\u00e9sek kiv\u00e9tel\u00e9vel \u2013 t\u00f6rl\u00e9s\u00e9t vagy z\u00e1rol\u00e1s\u00e1t az adatfelv\u00e9tel\u00e9n\u00e9l jelzett m\u00f3don, illetve \u00fcgyf\u00e9lszolg\u00e1lata \u00fatj\u00e1n.<br \/>4.1 T\u00c1J\u00c9KOZTAT\u00c1SHOZ VAL\u00d3 JOG:<br \/>Az \u00e9rintett k\u00e9relm\u00e9re a Kft., mint adatkezel\u0151 t\u00e1j\u00e9koztat\u00e1st ad az \u00e1ltala kezelt, illet\u0151leg az \u00e1ltala megb\u00edzott feldolgoz\u00f3 \u00e1ltal feldolgozott adatair\u00f3l, azok forr\u00e1s\u00e1r\u00f3l, az adatkezel\u00e9s c\u00e9lj\u00e1r\u00f3l, jogalapj\u00e1r\u00f3l, id\u0151tartam\u00e1r\u00f3l, az adatfeldolgoz\u00f3 nev\u00e9r\u0151l, c\u00edm\u00e9r\u0151l \u00e9s az adatkezel\u00e9ssel \u00f6sszef\u00fcgg\u0151 tev\u00e9kenys\u00e9g\u00e9r\u0151l, az adatv\u00e9delmi incidens k\u00f6r\u00fclm\u00e9nyeir\u0151l, hat\u00e1sair\u00f3l \u00e9s az elh\u00e1r\u00edt\u00e1s\u00e1ra megtett int\u00e9zked\u00e9sekr\u0151l, tov\u00e1bb\u00e1 adattov\u00e1bb\u00edt\u00e1s eset\u00e9n annak jogalapj\u00e1r\u00f3l \u00e9s c\u00edmzettj\u00e9r\u0151l. Az adatkezel\u0151 a k\u00e9relem beny\u00fajt\u00e1s\u00e1t\u00f3l sz\u00e1m\u00edtott legr\u00f6videbb id\u0151 alatt, legfeljebb azonban 30 napon bel\u00fcl, k\u00f6z\u00e9rthet\u0151 form\u00e1ban, az \u00e9rintett erre ir\u00e1nyul\u00f3 k\u00e9relm\u00e9re \u00edr\u00e1sban adja meg a t\u00e1j\u00e9koztat\u00e1st. E t\u00e1j\u00e9koztat\u00e1s ingyenes, ha a t\u00e1j\u00e9koztat\u00e1st k\u00e9r\u0151 a foly\u00f3 \u00e9vben azonos adatk\u00f6rre vonatkoz\u00f3 t\u00e1j\u00e9koztat\u00e1si k\u00e9relmet az adatkezel\u0151h\u00f6z m\u00e9g nem ny\u00fajtott be. Egy\u00e9b esetekben a Kft. k\u00f6lts\u00e9gt\u00e9r\u00edt\u00e9st \u00e1llap\u00edt meg.<br \/>4.2 HELYESB\u00cdT\u00c9S JOGA:<br \/>A Kft. a szem\u00e9lyes adatot helyesb\u00edti, ha az a val\u00f3s\u00e1gnak nem felel meg \u00e9s a val\u00f3s\u00e1gnak<br \/>megfelel\u0151 szem\u00e9lyes adat a rendelkez\u00e9s\u00e9re \u00e1ll.<br \/>4.3 Z\u00c1ROL\u00c1S JOGA:<br \/>A Kft. z\u00e1rolja a szem\u00e9lyes adatot, ha az \u00e9rintett ezt k\u00e9ri, vagy ha a rendelkez\u00e9s\u00e9re \u00e1ll\u00f3<br \/>inform\u00e1ci\u00f3k alapj\u00e1n felt\u00e9telezhet\u0151, hogy a t\u00f6rl\u00e9s s\u00e9rten\u00e9 az \u00e9rintett jogos \u00e9rdekeit. A z\u00e1rolt szem\u00e9lyes adat kiz\u00e1r\u00f3lag addig kezelhet\u0151, ameddig fenn\u00e1ll az az adatkezel\u00e9si c\u00e9l, amely a szem\u00e9lyes adat t\u00f6rl\u00e9s\u00e9t kiz\u00e1rta. A Kft. megjel\u00f6li az \u00e1ltala kezelt szem\u00e9lyes adatot, ha az \u00e9rintett vitatja annak helyess\u00e9g\u00e9t vagy pontoss\u00e1g\u00e1t, de a vitatott szem\u00e9lyes adat helytelens\u00e9ge vagy pontatlans\u00e1ga nem \u00e1llap\u00edthat\u00f3 meg egy\u00e9rtelm\u0171en.<br \/>4.4 T\u00d6RL\u00c9SHEZ VAL\u00d3 JOG:<br \/>A Kft. a szem\u00e9lyes adatot t\u00f6rli, ha kezel\u00e9se jogellenes, az \u00e9rintett k\u00e9ri, a kezelt adat hi\u00e1nyos vagy t\u00e9ves \u2013 \u00e9s ez az \u00e1llapot jogszer\u0171en nem orvosolhat\u00f3 \u2013 felt\u00e9ve, hogy a t\u00f6rl\u00e9st t\u00f6rv\u00e9ny nem z\u00e1rja ki, az adatkezel\u00e9s c\u00e9lja megsz\u0171nt, vagy az adatok t\u00e1rol\u00e1s\u00e1nak t\u00f6rv\u00e9nyben meghat\u00e1rozott hat\u00e1rideje lej\u00e1rt, azt a b\u00edr\u00f3s\u00e1g vagy a Nemzeti Adatv\u00e9delmi \u00e9s Inform\u00e1ci\u00f3szabads\u00e1g Hat\u00f3s\u00e1g elrendelte.<br \/>4.5 ELJ\u00c1R\u00c1SI SZAB\u00c1LYOK:<br \/>A szem\u00e9lyes adatok t\u00f6rl\u00e9s\u00e9re, z\u00e1rol\u00e1s\u00e1ra, helyesb\u00edt\u00e9s\u00e9re 30 nap \u00e1ll az adatkezel\u0151<br \/>rendelkez\u00e9s\u00e9re. Amennyiben az adatkezel\u0151 az \u00e9rintett helyesb\u00edt\u00e9s, z\u00e1rol\u00e1s vagy t\u00f6rl\u00e9s ir\u00e1nti ig\u00e9ny\u00e9t nem teljes\u00edti, 30 napon bel\u00fcl \u00edr\u00e1sban vagy az \u00e9rintett hozz\u00e1j\u00e1rul\u00e1s\u00e1val elektronikus \u00faton k\u00f6zli az elutas\u00edt\u00e1s indokait. A Kft. a helyesb\u00edt\u00e9sr\u0151l, a z\u00e1rol\u00e1sr\u00f3l, a megjel\u00f6l\u00e9sr\u0151l \u00e9s a t\u00f6rl\u00e9sr\u0151l az\u00a0<span style=\"color: var( --e-global-color-text ); font-family: var( --e-global-typography-text-font-family ), Sans-serif; font-size: var( --e-global-typography-text-font-size ); font-weight: var( --e-global-typography-text-font-weight );\">\u00e9rintettet, tov\u00e1bb\u00e1 mindazokat \u00e9rtes\u00edti, akiknek kor\u00e1bban az adatot adatkezel\u00e9s c\u00e9lj\u00e1ra\u00a0<\/span><span style=\"color: var( --e-global-color-text ); font-family: var( --e-global-typography-text-font-family ), Sans-serif; font-size: var( --e-global-typography-text-font-size ); font-weight: var( --e-global-typography-text-font-weight );\">tov\u00e1bb\u00edtotta. Az \u00e9rtes\u00edt\u00e9st mell\u0151zi, ha ez az adatkezel\u00e9s c\u00e9lj\u00e1ra val\u00f3 tekintettel az \u00e9rintett jogos\u00a0<\/span><span style=\"color: var( --e-global-color-text ); font-family: var( --e-global-typography-text-font-family ), Sans-serif; font-size: var( --e-global-typography-text-font-size ); font-weight: var( --e-global-typography-text-font-weight );\">\u00e9rdek\u00e9t nem s\u00e9rti.<\/span><\/p><p>4.6 TILTAKOZ\u00c1S:<br \/>Az \u00e9rintett tiltakozhat szem\u00e9lyes adat\u00e1nak kezel\u00e9se ellen, ha\u00a0<\/p><p>a) a szem\u00e9lyes adatok kezel\u00e9se vagy tov\u00e1bb\u00edt\u00e1sa kiz\u00e1r\u00f3lag az adatkezel\u0151re vonatkoz\u00f3 jogi<br \/>k\u00f6telezetts\u00e9g teljes\u00edt\u00e9s\u00e9hez vagy az adatkezel\u0151, adat\u00e1tvev\u0151 vagy harmadik szem\u00e9ly jogos \u00e9rdek\u00e9nek \u00e9rv\u00e9nyes\u00edt\u00e9s\u00e9hez sz\u00fcks\u00e9ges, kiv\u00e9ve, ha az adatkezel\u00e9st t\u00f6rv\u00e9ny rendelte el;\u00a0<\/p><p>b) t\u00f6rv\u00e9nyben meghat\u00e1rozott egy\u00e9b esetben.<\/p><p>A Kft. a tiltakoz\u00e1st a k\u00e9relem beny\u00fajt\u00e1s\u00e1t\u00f3l sz\u00e1m\u00edtott legr\u00f6videbb id\u0151n bel\u00fcl, de legfeljebb 15 nap alatt megvizsg\u00e1lja, annak megalapozotts\u00e1ga k\u00e9rd\u00e9s\u00e9ben d\u00f6nt\u00e9st hoz, \u00e9s d\u00f6nt\u00e9s\u00e9r\u0151l a k\u00e9relmez\u0151t \u00edr\u00e1sban t\u00e1j\u00e9koztatja. Ha az adatkezel\u0151 az \u00e9rintett tiltakoz\u00e1s\u00e1nak megalapozotts\u00e1g\u00e1t meg\u00e1llap\u00edtja, az adatkezel\u00e9st \u2013 bele\u00e9rtve a tov\u00e1bbi adatfelv\u00e9telt \u00e9s adattov\u00e1bb\u00edt\u00e1st is \u2013 megsz\u00fcnteti, \u00e9s az adatokat z\u00e1rolja, valamint a tiltakoz\u00e1sr\u00f3l, tov\u00e1bb\u00e1 az annak alapj\u00e1n tett int\u00e9zked\u00e9sekr\u0151l \u00e9rtes\u00edti mindazokat, akik r\u00e9sz\u00e9re a tiltakoz\u00e1ssal \u00e9rintett szem\u00e9lyes adatot kor\u00e1bban tov\u00e1bb\u00edtotta, \u00e9s akik k\u00f6telesek int\u00e9zkedni a tiltakoz\u00e1si jog \u00e9rv\u00e9nyes\u00edt\u00e9se \u00e9rdek\u00e9ben. Amennyiben az \u00e9rintett az adatkezel\u0151nek a meghozott d\u00f6nt\u00e9s\u00e9vel nem \u00e9rt egyet, az ellen \u2013<br \/>annak k\u00f6zl\u00e9s\u00e9t\u0151l sz\u00e1m\u00edtott 30 napon bel\u00fcl \u2013 b\u00edr\u00f3s\u00e1ghoz fordulhat.<br \/>A Kft. az \u00e9rintett adat\u00e1t nem t\u00f6r\u00f6lheti, ha az adatkezel\u00e9st t\u00f6rv\u00e9ny rendelte el. Az adat azonban nem tov\u00e1bb\u00edthat\u00f3 az adat\u00e1tvev\u0151 r\u00e9sz\u00e9re, ha az adatkezel\u0151 egyet\u00e9rtett a tiltakoz\u00e1ssal, illet\u0151leg a b\u00edr\u00f3s\u00e1g a tiltakoz\u00e1s jogoss\u00e1g\u00e1t meg\u00e1llap\u00edtotta.<br \/>4.7 K\u00c1RT\u00c9R\u00cdT\u00c9SI \u00c9S S\u00c9RELMI D\u00cdJ:<br \/>A Kft. az \u00e9rintett adatainak jogellenes kezel\u00e9s\u00e9vel vagy az adatbiztons\u00e1g k\u00f6vetelm\u00e9nyeinek megszeg\u00e9s\u00e9vel m\u00e1snak okozott k\u00e1rt megt\u00e9r\u00edti. Az \u00e9rintett szem\u00e9lyis\u00e9gi jog\u00e1nak megs\u00e9rt\u00e9se eset\u00e9n az \u00e9rintett s\u00e9relemd\u00edjat (Ptk. 2:52. \u00a7) k\u00f6vetelhet. Az \u00e9rintettel szemben az adatkezel\u0151 felel az adatfeldolgoz\u00f3 \u00e1ltal okozott k\u00e1r\u00e9rt is. Az adatkezel\u0151 mentes\u00fcl a felel\u0151ss\u00e9g al\u00f3l, ha a k\u00e1rt az adatkezel\u00e9s k\u00f6r\u00e9n k\u00edv\u00fcl es\u0151 elh\u00e1r\u00edthatatlan ok id\u00e9zte el\u0151.<br \/>Az adatkezel\u0151 nem t\u00e9r\u00edti meg a k\u00e1rt \u00e9s nem k\u00f6vetelhet\u0151 s\u00e9relemd\u00edj annyiban, amennyiben a k\u00e1r a k\u00e1rosult vagy a szem\u00e9lyis\u00e9gi jog megs\u00e9rt\u00e9s\u00e9vel okozott jogs\u00e9relem az \u00e9rintett sz\u00e1nd\u00e9kos vagy s\u00falyosan gondatlan magatart\u00e1s\u00e1b\u00f3l sz\u00e1rmazott.<br \/>4.8 B\u00cdR\u00d3S\u00c1GHOZ FORDUL\u00c1S JOGA:<br \/>Az \u00e9rintett a jogainak megs\u00e9rt\u00e9se eset\u00e9n az adatkezel\u0151 ellen b\u00edr\u00f3s\u00e1ghoz fordulhat. A b\u00edr\u00f3s\u00e1g az \u00fcgyben soron k\u00edv\u00fcl j\u00e1r el.<br \/>4.9 PANASZ:<br \/>Panasszal a Nemzeti Adatv\u00e9delmi \u00e9s Inform\u00e1ci\u00f3szabads\u00e1g Hat\u00f3s\u00e1gn\u00e1l lehet \u00e9lni:<br \/>N\u00e9v: Nemzeti Adatv\u00e9delmi \u00e9s Inform\u00e1ci\u00f3szabads\u00e1g Hat\u00f3s\u00e1g<br \/>Sz\u00e9khely: 1125 Budapest, Szil\u00e1gyi Erzs\u00e9bet fasor 22\/C.<br \/>Levelez\u00e9si c\u00edm: 1530 Budapest, Pf.: 5.<br \/>Telefon: +361\/391-1400<br \/>Fax: +361\/391-1410<br \/>E-mail: .ugyfelszolgalat@naih.hu<br \/>Honlap: https:\/\/www.naih.hu<\/p>\t\t\t\t\t\t\t\t<\/div>\n\t\t\t\t<\/div>\n\t\t\t\t\t<\/div>\n\t\t<\/div>\n\t\t\t\t\t<\/div>\n\t\t<\/section>\n\t\t\t\t<\/div>","protected":false},"excerpt":{"rendered":"<p>ADATKEZEL\u00c9SI \u00c9S ADATV\u00c9DELMI T\u00c1J\u00c9KOZTAT\u00d3 1. BEVEZET\u00c9SA\u00a0PowerLynx Kft.\u00a0(Ad\u00f3sz\u00e1m: 32323953-2-13, Sz\u00e9khely: 2146 Mogyor\u00f3d Erd\u0151sor utca 4. Magyarorsz\u00e1g) mint adatkezel\u0151, mag\u00e1ra n\u00e9zve k\u00f6telez\u0151nek ismeri el jelen jogi k\u00f6zlem\u00e9ny tartalm\u00e1t. A PowerLynx Kft. (a tov\u00e1bbiakban: Kft.) k\u00f6telezetts\u00e9get v\u00e1llal arra, hogy tev\u00e9kenys\u00e9g\u00e9vel kapcsolatos minden adatkezel\u00e9s megfelel a jelen szab\u00e1lyzatban \u00e9s a hat\u00e1lyos jogszab\u00e1lyokban meghat\u00e1rozott elv\u00e1r\u00e1soknak.A jelen adatkezel\u00e9si t\u00e1j\u00e9koztat\u00f3 a https:\/\/powerlynx.hu [&hellip;]<\/p>\n","protected":false},"author":1,"featured_media":0,"parent":0,"menu_order":0,"comment_status":"closed","ping_status":"open","template":"","meta":{"content-type":"","footnotes":""},"class_list":["post-3","page","type-page","status-publish","hentry"],"_links":{"self":[{"href":"https:\/\/powerlynx.hu\/en\/wp-json\/wp\/v2\/pages\/3","targetHints":{"allow":["GET"]}}],"collection":[{"href":"https:\/\/powerlynx.hu\/en\/wp-json\/wp\/v2\/pages"}],"about":[{"href":"https:\/\/powerlynx.hu\/en\/wp-json\/wp\/v2\/types\/page"}],"author":[{"embeddable":true,"href":"https:\/\/powerlynx.hu\/en\/wp-json\/wp\/v2\/users\/1"}],"replies":[{"embeddable":true,"href":"https:\/\/powerlynx.hu\/en\/wp-json\/wp\/v2\/comments?post=3"}],"version-history":[{"count":26,"href":"https:\/\/powerlynx.hu\/en\/wp-json\/wp\/v2\/pages\/3\/revisions"}],"predecessor-version":[{"id":2219,"href":"https:\/\/powerlynx.hu\/en\/wp-json\/wp\/v2\/pages\/3\/revisions\/2219"}],"wp:attachment":[{"href":"https:\/\/powerlynx.hu\/en\/wp-json\/wp\/v2\/media?parent=3"}],"curies":[{"name":"wp","href":"https:\/\/api.w.org\/{rel}","templated":true}]}}